{"id":671,"date":"2021-04-22T08:48:02","date_gmt":"2021-04-22T08:48:02","guid":{"rendered":"https:\/\/naturclima-poctefa.eu\/naturclima\/"},"modified":"2023-11-08T12:27:45","modified_gmt":"2023-11-08T12:27:45","slug":"naturclima","status":"publish","type":"page","link":"https:\/\/naturclima-poctefa.eu\/fr\/","title":{"rendered":"NaturClima"},"content":{"rendered":"<p>[et_pb_section fb_built=\u00a0\u00bb1&Prime; _builder_version=\u00a0\u00bb4.16&Prime; _module_preset=\u00a0\u00bbdefault\u00a0\u00bb custom_padding=\u00a0\u00bb0px|||||\u00a0\u00bb global_colors_info=\u00a0\u00bb{}\u00a0\u00bb][et_pb_row _builder_version=\u00a0\u00bb4.17.3&Prime; _module_preset=\u00a0\u00bbdefault\u00a0\u00bb custom_padding=\u00a0\u00bb6px|||||\u00a0\u00bb border_radii=\u00a0\u00bboff|30px||30px|\u00a0\u00bb border_color_all=\u00a0\u00bb#6d7e00&Prime; global_colors_info=\u00a0\u00bb{}\u00a0\u00bb][et_pb_column type=\u00a0\u00bb4_4&Prime; _builder_version=\u00a0\u00bb4.16&Prime; _module_preset=\u00a0\u00bbdefault\u00a0\u00bb background_enable_image=\u00a0\u00bboff\u00a0\u00bb border_radii=\u00a0\u00bboff|20px||20px|\u00a0\u00bb global_colors_info=\u00a0\u00bb{}\u00a0\u00bb][et_pb_slider use_bg_overlay=\u00a0\u00bbon\u00a0\u00bb arrows_custom_color=\u00a0\u00bb#E09900&Prime; dot_nav_custom_color=\u00a0\u00bb#E09900&Prime; _builder_version=\u00a0\u00bb4.18.1&Prime; _module_preset=\u00a0\u00bbdefault\u00a0\u00bb background_image=\u00a0\u00bbhttps:\/\/naturclima-poctefa.eu\/wp-content\/uploads\/2021\/03\/Nacedero-del-Urederra.jpg\u00a0\u00bb button_alignment=\u00a0\u00bbcenter\u00a0\u00bb custom_margin=\u00a0\u00bb||||false|false\u00a0\u00bb custom_padding=\u00a0\u00bb240px|||||\u00a0\u00bb auto=\u00a0\u00bbon\u00a0\u00bb auto_ignore_hover=\u00a0\u00bbon\u00a0\u00bb border_radii=\u00a0\u00bboff|30px||30px|\u00a0\u00bb border_width_all=\u00a0\u00bb1px\u00a0\u00bb border_color_all=\u00a0\u00bb#6d7e00&Prime; global_colors_info=\u00a0\u00bb{}\u00a0\u00bb][et_pb_slide heading=\u00a0\u00bbPAMPELUNE A ACCUEILLI LE S\u00c9MINAIRE FINAL DU PROJET NATURCLIMA\u00a0\u00bb button_link=\u00a0\u00bbhttps:\/\/naturclima-poctefa.eu\/fr\/pampelune-a-accueilli-le-seminaire-final-du-projet-naturclima\/\u00a0\u00bb use_bg_overlay=\u00a0\u00bbon\u00a0\u00bb bg_overlay_color=\u00a0\u00bbrgba(255,255,255,0.52)\u00a0\u00bb use_text_overlay=\u00a0\u00bboff\u00a0\u00bb arrows_custom_color=\u00a0\u00bb#6d7e00&Prime; dot_nav_custom_color=\u00a0\u00bb#6d7e00&Prime; admin_title=\u00a0\u00bbFin de NaturClima\u00a0\u00bb heading_tablet=\u00a0\u00bbPAMPELUNE A ACCUEILLI LE S\u00c9MINAIRE FINAL DU PROJET NATURCLIMA\u00a0\u00bb heading_phone=\u00a0\u00bbPAMPELUNE A ACCUEILLI LE S\u00c9MINAIRE FINAL DU PROJET NATURCLIMA\u00a0\u00bb heading_last_edited=\u00a0\u00bbon|desktop\u00a0\u00bb _builder_version=\u00a0\u00bb4.18.1&Prime; _module_preset=\u00a0\u00bbdefault\u00a0\u00bb header_level=\u00a0\u00bbh1&Prime; header_text_align=\u00a0\u00bbright\u00a0\u00bb header_text_color=\u00a0\u00bb#000000&Prime; body_font=\u00a0\u00bb|600|||||||\u00a0\u00bb body_text_align=\u00a0\u00bbcenter\u00a0\u00bb body_text_color=\u00a0\u00bb#000000&Prime; body_font_size=\u00a0\u00bb45px\u00a0\u00bb body_line_height=\u00a0\u00bb1em\u00a0\u00bb background_enable_color=\u00a0\u00bboff\u00a0\u00bb background_image=\u00a0\u00bbhttps:\/\/naturclima-poctefa.eu\/wp-content\/uploads\/2022\/05\/evento-final-socios-NaturClima.jpg\u00a0\u00bb background_enable_image=\u00a0\u00bbon\u00a0\u00bb custom_button=\u00a0\u00bbon\u00a0\u00bb button_bg_color=\u00a0\u00bb#6d7e00&Prime; button_border_color=\u00a0\u00bbRGBA(255,255,255,0)\u00a0\u00bb text_orientation=\u00a0\u00bbcenter\u00a0\u00bb custom_padding=\u00a0\u00bb||||false|false\u00a0\u00bb link_option_url=\u00a0\u00bbhttps:\/\/naturclima-poctefa.eu\/fr\/pampelune-a-accueilli-le-seminaire-final-du-projet-naturclima\/\u00a0\u00bb hover_enabled=\u00a0\u00bb0&Prime; header_font_size_tablet=\u00a0\u00bb33px\u00a0\u00bb header_font_size_phone=\u00a0\u00bb26px\u00a0\u00bb header_font_size_last_edited=\u00a0\u00bbon|phone\u00a0\u00bb body_font_size_tablet=\u00a0\u00bb33px\u00a0\u00bb body_font_size_phone=\u00a0\u00bb24px\u00a0\u00bb body_font_size_last_edited=\u00a0\u00bbon|tablet\u00a0\u00bb background_last_edited=\u00a0\u00bbon|tablet\u00a0\u00bb background_image_tablet=\u00a0\u00bbhttps:\/\/naturclima-poctefa.eu\/wp-content\/uploads\/2022\/05\/evento-final-socios-NaturClima.jpg\u00a0\u00bb background_image_phone=\u00a0\u00bbhttps:\/\/naturclima-poctefa.eu\/wp-content\/uploads\/2022\/05\/evento-final-socios-NaturClima.jpg\u00a0\u00bb background_enable_image_tablet=\u00a0\u00bbon\u00a0\u00bb background_enable_image_phone=\u00a0\u00bbon\u00a0\u00bb background_size_tablet=\u00a0\u00bbcustom\u00a0\u00bb background_size_phone=\u00a0\u00bbcontain\u00a0\u00bb background_image_width_phone=\u00a0\u00bb42%\u00a0\u00bb background_image_height_phone=\u00a0\u00bb0%\u00a0\u00bb background_position_tablet=\u00a0\u00bbcenter\u00a0\u00bb border_color_all_image=\u00a0\u00bb#FFFFFF\u00a0\u00bb global_colors_info=\u00a0\u00bb{}\u00a0\u00bb sticky_transition=\u00a0\u00bbon\u00a0\u00bb sticky_enabled=\u00a0\u00bb0&Prime; parallax_phone=\u00a0\u00bboff\u00a0\u00bb][\/et_pb_slide][et_pb_slide button_link=\u00a0\u00bbhttps:\/\/naturclima-poctefa.eu\/fr\/le-centre-de-la-mer-de-biarritz-et-la-gestion-environnementale-de-navarre-ont-realise-ensemble-une-publication-sur-les-oiseaux\/\u00a0\u00bb use_bg_overlay=\u00a0\u00bboff\u00a0\u00bb use_text_overlay=\u00a0\u00bboff\u00a0\u00bb arrows_custom_color=\u00a0\u00bb#6d7e00&Prime; dot_nav_custom_color=\u00a0\u00bb#6d7e00&Prime; admin_title=\u00a0\u00bbLibro aves\u00a0\u00bb heading_tablet=\u00a0\u00bb\u00a0\u00bb heading_phone=\u00a0\u00bb\u00a0\u00bb heading_last_edited=\u00a0\u00bbon|phone\u00a0\u00bb _builder_version=\u00a0\u00bb4.17.4&Prime; _module_preset=\u00a0\u00bbdefault\u00a0\u00bb header_level=\u00a0\u00bbh1&Prime; header_text_align=\u00a0\u00bbright\u00a0\u00bb header_text_color=\u00a0\u00bb#000000&Prime; body_font=\u00a0\u00bb|600|||||||\u00a0\u00bb body_text_align=\u00a0\u00bbcenter\u00a0\u00bb body_text_color=\u00a0\u00bb#000000&Prime; body_font_size=\u00a0\u00bb45px\u00a0\u00bb body_line_height=\u00a0\u00bb1em\u00a0\u00bb background_enable_color=\u00a0\u00bboff\u00a0\u00bb background_image=\u00a0\u00bbhttps:\/\/naturclima-poctefa.eu\/wp-content\/uploads\/2022\/06\/Libro-Aves-NaturClima.jpg\u00a0\u00bb background_enable_image=\u00a0\u00bbon\u00a0\u00bb background_size=\u00a0\u00bbstretch\u00a0\u00bb custom_button=\u00a0\u00bbon\u00a0\u00bb button_bg_color=\u00a0\u00bb#6d7e00&Prime; button_border_color=\u00a0\u00bbRGBA(255,255,255,0)\u00a0\u00bb text_orientation=\u00a0\u00bbcenter\u00a0\u00bb custom_padding=\u00a0\u00bb||||false|false\u00a0\u00bb link_option_url=\u00a0\u00bbhttps:\/\/naturclima-poctefa.eu\/fr\/le-centre-de-la-mer-de-biarritz-et-la-gestion-environnementale-de-navarre-ont-realise-ensemble-une-publication-sur-les-oiseaux\/\u00a0\u00bb header_font_size_tablet=\u00a0\u00bb33px\u00a0\u00bb header_font_size_phone=\u00a0\u00bb26px\u00a0\u00bb header_font_size_last_edited=\u00a0\u00bbon|phone\u00a0\u00bb body_font_size_tablet=\u00a0\u00bb33px\u00a0\u00bb body_font_size_phone=\u00a0\u00bb24px\u00a0\u00bb body_font_size_last_edited=\u00a0\u00bbon|tablet\u00a0\u00bb background_last_edited=\u00a0\u00bbon|tablet\u00a0\u00bb background_image_tablet=\u00a0\u00bbhttps:\/\/naturclima-poctefa.eu\/wp-content\/uploads\/2022\/06\/changement-climatique-migration-et-evoltion-des-populations.jpg\u00a0\u00bb background_image_phone=\u00a0\u00bbhttps:\/\/naturclima-poctefa.eu\/wp-content\/uploads\/2022\/06\/La-migracion-de-las-aves-en-Lindux.jpg\u00a0\u00bb background_enable_image_tablet=\u00a0\u00bbon\u00a0\u00bb background_enable_image_phone=\u00a0\u00bbon\u00a0\u00bb background_size_tablet=\u00a0\u00bbcustom\u00a0\u00bb background_size_phone=\u00a0\u00bbcover\u00a0\u00bb background_image_width_phone=\u00a0\u00bb42%\u00a0\u00bb background_image_height_phone=\u00a0\u00bb0%\u00a0\u00bb background_position_tablet=\u00a0\u00bbcenter\u00a0\u00bb border_color_all_image=\u00a0\u00bb#FFFFFF\u00a0\u00bb global_colors_info=\u00a0\u00bb{}\u00a0\u00bb sticky_transition=\u00a0\u00bbon\u00a0\u00bb][\/et_pb_slide][et_pb_slide heading=\u00a0\u00bbS\u00e9minaire final\u00a0\u00bb button_link=\u00a0\u00bbhttps:\/\/naturclima-poctefa.eu\/fr\/seminaire-final-interreg-poctefa-naturclima\/\u00a0\u00bb use_bg_overlay=\u00a0\u00bboff\u00a0\u00bb use_text_overlay=\u00a0\u00bboff\u00a0\u00bb arrows_custom_color=\u00a0\u00bb#6d7e00&Prime; dot_nav_custom_color=\u00a0\u00bb#6d7e00&Prime; admin_title=\u00a0\u00bbseminario final\u00a0\u00bb heading_tablet=\u00a0\u00bbS\u00e9minaire final\u00a0\u00bb heading_phone=\u00a0\u00bbS\u00e9minaire final\u00a0\u00bb heading_last_edited=\u00a0\u00bbon|tablet\u00a0\u00bb _builder_version=\u00a0\u00bb4.17.3&Prime; _module_preset=\u00a0\u00bbdefault\u00a0\u00bb header_level=\u00a0\u00bbh1&Prime; header_text_align=\u00a0\u00bbright\u00a0\u00bb header_text_color=\u00a0\u00bb#000000&Prime; body_font=\u00a0\u00bb|600|||||||\u00a0\u00bb body_text_align=\u00a0\u00bbcenter\u00a0\u00bb body_text_color=\u00a0\u00bb#000000&Prime; body_font_size=\u00a0\u00bb45px\u00a0\u00bb body_line_height=\u00a0\u00bb1em\u00a0\u00bb background_enable_color=\u00a0\u00bboff\u00a0\u00bb background_image=\u00a0\u00bbhttps:\/\/naturclima-poctefa.eu\/wp-content\/uploads\/2022\/05\/NaturClima-1200-600-1.jpg\u00a0\u00bb background_enable_image=\u00a0\u00bbon\u00a0\u00bb background_size=\u00a0\u00bbcontain\u00a0\u00bb custom_button=\u00a0\u00bbon\u00a0\u00bb button_bg_color=\u00a0\u00bb#6d7e00&Prime; button_border_color=\u00a0\u00bbRGBA(255,255,255,0)\u00a0\u00bb text_orientation=\u00a0\u00bbcenter\u00a0\u00bb custom_padding=\u00a0\u00bb||||false|false\u00a0\u00bb link_option_url=\u00a0\u00bbhttps:\/\/naturclima-poctefa.eu\/fr\/seminaire-final-interreg-poctefa-naturclima\/\u00a0\u00bb hover_enabled=\u00a0\u00bb0&Prime; header_font_size_tablet=\u00a0\u00bb33px\u00a0\u00bb header_font_size_phone=\u00a0\u00bb26px\u00a0\u00bb header_font_size_last_edited=\u00a0\u00bbon|phone\u00a0\u00bb body_font_size_tablet=\u00a0\u00bb33px\u00a0\u00bb body_font_size_phone=\u00a0\u00bb24px\u00a0\u00bb body_font_size_last_edited=\u00a0\u00bbon|tablet\u00a0\u00bb background_last_edited=\u00a0\u00bbon|tablet\u00a0\u00bb background_image_tablet=\u00a0\u00bbhttps:\/\/naturclima-poctefa.eu\/wp-content\/uploads\/2022\/05\/NaturClima-tablet-5.jpg\u00a0\u00bb background_image_phone=\u00a0\u00bbhttps:\/\/naturclima-poctefa.eu\/wp-content\/uploads\/2022\/05\/NaturClima-movil.jpg\u00a0\u00bb background_enable_image_tablet=\u00a0\u00bbon\u00a0\u00bb background_enable_image_phone=\u00a0\u00bbon\u00a0\u00bb background_size_tablet=\u00a0\u00bbcustom\u00a0\u00bb background_size_phone=\u00a0\u00bbcustom\u00a0\u00bb background_image_width_phone=\u00a0\u00bb42%\u00a0\u00bb background_image_height_phone=\u00a0\u00bb0%\u00a0\u00bb background_position_tablet=\u00a0\u00bbcenter\u00a0\u00bb border_color_all_image=\u00a0\u00bb#FFFFFF\u00a0\u00bb global_colors_info=\u00a0\u00bb{}\u00a0\u00bb sticky_transition=\u00a0\u00bbon\u00a0\u00bb sticky_enabled=\u00a0\u00bb0&Prime;]<\/p>\n<p style=\"text-align: right;\">\u00a0Interreg Poctefa Naturclima<\/p>\n<p style=\"text-align: right;\"><span style=\"color: #6d7e00;\">17 mai 2022<\/span><\/p>\n<p>[\/et_pb_slide][et_pb_slide arrows_custom_color=\u00a0\u00bb#FFFFFF\u00a0\u00bb dot_nav_custom_color=\u00a0\u00bb#FFFFFF\u00a0\u00bb admin_title=\u00a0\u00bbMARGARET MEAD\u00a0\u00bb _builder_version=\u00a0\u00bb4.17.3&Prime; _module_preset=\u00a0\u00bbdefault\u00a0\u00bb header_level=\u00a0\u00bbh1&Prime; background_image=\u00a0\u00bbhttps:\/\/naturclima-poctefa.eu\/wp-content\/uploads\/2021\/03\/Puente-Romanico-de-Belagua.jpg\u00a0\u00bb background_enable_image=\u00a0\u00bbon\u00a0\u00bb global_colors_info=\u00a0\u00bb{}\u00a0\u00bb sticky_transition=\u00a0\u00bbon\u00a0\u00bb]<\/p>\n<p style=\"text-align: left;\"><strong><span style=\"font-size: x-large;\">\u00ab\u00a0Tout le monde aime parler de soci\u00e9t\u00e9, mais il n&rsquo;y aura pas de soci\u00e9t\u00e9 si nous ne prenons pas soin de l&rsquo;environnement.\u00a0\u00bb<\/strong><\/span><br \/>MARGARET MEAD<\/p>\n<p>[\/et_pb_slide][et_pb_slide arrows_custom_color=\u00a0\u00bb#FFFFFF\u00a0\u00bb dot_nav_custom_color=\u00a0\u00bb#FFFFFF\u00a0\u00bb admin_title=\u00a0\u00bbMARGARET MEAD\u00a0\u00bb _builder_version=\u00a0\u00bb4.17.3&Prime; _module_preset=\u00a0\u00bbdefault\u00a0\u00bb header_level=\u00a0\u00bbh1&Prime; background_image=\u00a0\u00bbhttps:\/\/naturclima-poctefa.eu\/wp-content\/uploads\/2021\/03\/Nacedero-del-Urederra.jpg\u00a0\u00bb background_enable_image=\u00a0\u00bbon\u00a0\u00bb global_colors_info=\u00a0\u00bb{}\u00a0\u00bb sticky_transition=\u00a0\u00bbon\u00a0\u00bb]<\/p>\n<p style=\"text-align: left;\"><span style=\"font-size: xx-large;\"><strong>\u00ab\u00a0Tout le monde aime parler de soci\u00e9t\u00e9, mais il n&rsquo;y aura pas de soci\u00e9t\u00e9 si nous ne prenons pas soin de l&rsquo;environnement. \u00ab\u00a0<\/strong><\/span><br \/>MARGARET MEAD<\/p>\n<p>[\/et_pb_slide][et_pb_slide arrows_custom_color=\u00a0\u00bb#FFFFFF\u00a0\u00bb dot_nav_custom_color=\u00a0\u00bb#FFFFFF\u00a0\u00bb admin_title=\u00a0\u00bbMARGARET MEAD\u00a0\u00bb _builder_version=\u00a0\u00bb4.17.3&Prime; _module_preset=\u00a0\u00bbdefault\u00a0\u00bb header_level=\u00a0\u00bbh1&Prime; background_image=\u00a0\u00bbhttps:\/\/naturclima-poctefa.eu\/wp-content\/uploads\/2021\/03\/Quebrantahuesos.jpg\u00a0\u00bb background_enable_image=\u00a0\u00bbon\u00a0\u00bb global_colors_info=\u00a0\u00bb{}\u00a0\u00bb sticky_transition=\u00a0\u00bbon\u00a0\u00bb]<\/p>\n<p style=\"text-align: left;\"><strong><span style=\"font-size: x-large;\">\u00ab\u00a0Tout le monde aime parler de soci\u00e9t\u00e9, mais il n&rsquo;y aura pas de soci\u00e9t\u00e9 si nous ne prenons pas soin de l&rsquo;environnement.\u00a0\u00bb<\/strong><\/span><br \/>MARGARET MEAD<\/p>\n<p>[\/et_pb_slide][\/et_pb_slider][\/et_pb_column][\/et_pb_row][et_pb_row column_structure=\u00a0\u00bb1_3,1_3,1_3&Prime; _builder_version=\u00a0\u00bb4.16&Prime; _module_preset=\u00a0\u00bbdefault\u00a0\u00bb global_colors_info=\u00a0\u00bb{}\u00a0\u00bb][et_pb_column type=\u00a0\u00bb1_3&Prime; _builder_version=\u00a0\u00bb4.16&Prime; _module_preset=\u00a0\u00bbdefault\u00a0\u00bb global_colors_info=\u00a0\u00bb{}\u00a0\u00bb][et_pb_image src=\u00a0\u00bbhttps:\/\/naturclima-poctefa.eu\/wp-content\/uploads\/2021\/03\/Espacios.png\u00a0\u00bb alt=\u00a0\u00bbEspaces naturels\u00a0\u00bb title_text=\u00a0\u00bbEspaces naturels\u00a0\u00bb url=\u00a0\u00bb@ET-DC@eyJkeW5hbWljIjp0cnVlLCJjb250ZW50IjoicG9zdF9saW5rX3VybF9wYWdlIiwic2V0dGluZ3MiOnsicG9zdF9pZCI6Ijc1In19@\u00a0\u00bb align=\u00a0\u00bbcenter\u00a0\u00bb _builder_version=\u00a0\u00bb4.16&Prime; _dynamic_attributes=\u00a0\u00bburl\u00a0\u00bb _module_preset=\u00a0\u00bbdefault\u00a0\u00bb width=\u00a0\u00bb70%\u00a0\u00bb global_colors_info=\u00a0\u00bb{}\u00a0\u00bb][\/et_pb_image][et_pb_text _builder_version=\u00a0\u00bb4.16&Prime; _dynamic_attributes=\u00a0\u00bblink_option_url\u00a0\u00bb _module_preset=\u00a0\u00bbdefault\u00a0\u00bb link_option_url=\u00a0\u00bb@ET-DC@eyJkeW5hbWljIjp0cnVlLCJjb250ZW50IjoicG9zdF9saW5rX3VybF9wYWdlIiwic2V0dGluZ3MiOnsicG9zdF9pZCI6Ijc1In19@\u00a0\u00bb global_colors_info=\u00a0\u00bb{}\u00a0\u00bb]<\/p>\n<h2 style=\"text-align: center;\">ESPACES NATURELS<\/h2>\n<p style=\"text-align: center;\">Les trois r\u00e9gions du projet NaturClima (Navarre, Pyr\u00e9n\u00e9es Atlantiques et Hautes-Pyr\u00e9n\u00e9es) poss\u00e8dent un riche patrimoine naturel et culturel qui comprend de nombreux Espaces Naturels<\/p>\n<p>[\/et_pb_text][\/et_pb_column][et_pb_column type=\u00a0\u00bb1_3&Prime; _builder_version=\u00a0\u00bb4.16&Prime; _module_preset=\u00a0\u00bbdefault\u00a0\u00bb global_colors_info=\u00a0\u00bb{}\u00a0\u00bb][et_pb_image src=\u00a0\u00bbhttps:\/\/naturclima-poctefa.eu\/wp-content\/uploads\/2021\/03\/Acciones.png\u00a0\u00bb alt=\u00a0\u00bbActions\u00a0\u00bb title_text=\u00a0\u00bbActions\u00a0\u00bb url=\u00a0\u00bb@ET-DC@eyJkeW5hbWljIjp0cnVlLCJjb250ZW50IjoicG9zdF9saW5rX3VybF9wYWdlIiwic2V0dGluZ3MiOnsicG9zdF9pZCI6Ijc3In19@\u00a0\u00bb align=\u00a0\u00bbcenter\u00a0\u00bb _builder_version=\u00a0\u00bb4.16&Prime; _dynamic_attributes=\u00a0\u00bburl\u00a0\u00bb _module_preset=\u00a0\u00bbdefault\u00a0\u00bb width=\u00a0\u00bb70%\u00a0\u00bb global_colors_info=\u00a0\u00bb{}\u00a0\u00bb][\/et_pb_image][et_pb_text _builder_version=\u00a0\u00bb4.16&Prime; _dynamic_attributes=\u00a0\u00bblink_option_url\u00a0\u00bb _module_preset=\u00a0\u00bbdefault\u00a0\u00bb link_option_url=\u00a0\u00bb@ET-DC@eyJkeW5hbWljIjp0cnVlLCJjb250ZW50IjoicG9zdF9saW5rX3VybF9wYWdlIiwic2V0dGluZ3MiOnsicG9zdF9pZCI6Ijc3In19@\u00a0\u00bb global_colors_info=\u00a0\u00bb{}\u00a0\u00bb]<\/p>\n<h2 style=\"text-align: center;\">ACTIONS<\/h2>\n<p style=\"text-align: center;\">Naturclima mettra en place des actions qui faciliteront l&rsquo;adaptation au Changement Climatique au sein des Espaces Naturels.<\/p>\n<p>[\/et_pb_text][\/et_pb_column][et_pb_column type=\u00a0\u00bb1_3&Prime; _builder_version=\u00a0\u00bb4.16&Prime; _module_preset=\u00a0\u00bbdefault\u00a0\u00bb global_colors_info=\u00a0\u00bb{}\u00a0\u00bb][et_pb_image src=\u00a0\u00bbhttps:\/\/naturclima-poctefa.eu\/wp-content\/uploads\/2021\/03\/Educacion-Ambiental.png\u00a0\u00bb alt=\u00a0\u00bb\u00c9ducation environnementale\u00a0\u00bb title_text=\u00a0\u00bb\u00c9ducation environnementale\u00a0\u00bb url=\u00a0\u00bb@ET-DC@eyJkeW5hbWljIjp0cnVlLCJjb250ZW50IjoicG9zdF9saW5rX3VybF9wYWdlIiwic2V0dGluZ3MiOnsicG9zdF9pZCI6Ijc5In19@\u00a0\u00bb align=\u00a0\u00bbcenter\u00a0\u00bb _builder_version=\u00a0\u00bb4.16&Prime; _dynamic_attributes=\u00a0\u00bburl\u00a0\u00bb _module_preset=\u00a0\u00bbdefault\u00a0\u00bb width=\u00a0\u00bb70%\u00a0\u00bb global_colors_info=\u00a0\u00bb{}\u00a0\u00bb][\/et_pb_image][et_pb_text _builder_version=\u00a0\u00bb4.16&Prime; _dynamic_attributes=\u00a0\u00bblink_option_url\u00a0\u00bb _module_preset=\u00a0\u00bbdefault\u00a0\u00bb link_option_url=\u00a0\u00bb@ET-DC@eyJkeW5hbWljIjp0cnVlLCJjb250ZW50IjoicG9zdF9saW5rX3VybF9wYWdlIiwic2V0dGluZ3MiOnsicG9zdF9pZCI6Ijc5In19@\u00a0\u00bb global_colors_info=\u00a0\u00bb{}\u00a0\u00bb]<\/p>\n<h2 style=\"text-align: center;\">\u00c9DUCATION ENVIRONNEMENTALE<\/h2>\n<p style=\"text-align: center;\">L&rsquo;adaptation au Changement Climatique est un long chemin sur lequel il nous reste encore beaucoup \u00e0 apprendre.<\/p>\n<p>[\/et_pb_text][\/et_pb_column][\/et_pb_row][et_pb_row admin_label=\u00a0\u00bbACTUALIT\u00c9\u00a0\u00bb _builder_version=\u00a0\u00bb4.16&Prime; _module_preset=\u00a0\u00bbdefault\u00a0\u00bb border_radii=\u00a0\u00bboff|20px|20px|20px|20px\u00a0\u00bb border_width_top=\u00a0\u00bb10px\u00a0\u00bb border_color_top=\u00a0\u00bb#6d7e00&Prime; border_width_bottom=\u00a0\u00bb10px\u00a0\u00bb border_color_bottom=\u00a0\u00bb#6d7e00&Prime; global_colors_info=\u00a0\u00bb{}\u00a0\u00bb][et_pb_column type=\u00a0\u00bb4_4&Prime; _builder_version=\u00a0\u00bb4.16&Prime; _module_preset=\u00a0\u00bbdefault\u00a0\u00bb global_colors_info=\u00a0\u00bb{}\u00a0\u00bb][et_pb_text _builder_version=\u00a0\u00bb4.16&Prime; _module_preset=\u00a0\u00bbdefault\u00a0\u00bb header_text_color=\u00a0\u00bb#6d7e00&Prime; header_3_text_color=\u00a0\u00bb#6d7e00&Prime; header_3_font_size=\u00a0\u00bb30px\u00a0\u00bb global_colors_info=\u00a0\u00bb{}\u00a0\u00bb]<\/p>\n<h1><strong>ACTUALITE<\/strong><\/h1>\n<p>[\/et_pb_text][et_pb_blog posts_number=\u00a0\u00bb5&Prime; include_categories=\u00a0\u00bb3&Prime; meta_date=\u00a0\u00bbj\/m\/Y\u00a0\u00bb use_manual_excerpt=\u00a0\u00bboff\u00a0\u00bb show_author=\u00a0\u00bboff\u00a0\u00bb show_categories=\u00a0\u00bboff\u00a0\u00bb _builder_version=\u00a0\u00bb4.16&Prime; _module_preset=\u00a0\u00bbdefault\u00a0\u00bb meta_font_size=\u00a0\u00bb12px\u00a0\u00bb global_colors_info=\u00a0\u00bb{}\u00a0\u00bb][\/et_pb_blog][\/et_pb_column][\/et_pb_row][\/et_pb_section]<\/p>\n","protected":false},"excerpt":{"rendered":"<p>\u00a0Interreg Poctefa Naturclima 17 mai 2022&Prime;Tout le monde aime parler de soci\u00e9t\u00e9, mais il n&rsquo;y aura pas de soci\u00e9t\u00e9 si nous ne prenons pas soin de l&rsquo;environnement.\u00a0\u00bbMARGARET MEAD\u00a0\u00bbTout le monde aime parler de soci\u00e9t\u00e9, mais il n&rsquo;y aura pas de soci\u00e9t\u00e9 si nous ne prenons pas soin de l&rsquo;environnement. \u00ab\u00a0MARGARET MEAD\u00a0\u00bbTout le monde aime parler de soci\u00e9t\u00e9, mais il n&rsquo;y aura pas de soci\u00e9t\u00e9 si nous ne prenons pas soin de l&rsquo;environnement.\u00a0\u00bbMARGARET MEADESPACES NATURELS Les trois r\u00e9gions du projet NaturClima (Navarre, Pyr\u00e9n\u00e9es Atlantiques et Hautes-Pyr\u00e9n\u00e9es) poss\u00e8dent un riche patrimoine naturel et culturel qui comprend de nombreux Espaces NaturelsACTIONS Naturclima mettra en place des actions qui faciliteront l&rsquo;adaptation au Changement Climatique au sein des Espaces Naturels.\u00c9DUCATION ENVIRONNEMENTALE L&rsquo;adaptation au Changement Climatique est un long chemin sur lequel il nous reste encore beaucoup \u00e0 apprendre.ACTUALITE<\/p>\n","protected":false},"author":1,"featured_media":211,"parent":0,"menu_order":0,"comment_status":"closed","ping_status":"closed","template":"","meta":{"_et_pb_use_builder":"on","_et_pb_old_content":"","_et_gb_content_width":"","footnotes":""},"class_list":["post-671","page","type-page","status-publish","has-post-thumbnail","hentry"],"yoast_head":"<!-- This site is optimized with the Yoast SEO plugin v26.9 - https:\/\/yoast.com\/product\/yoast-seo-wordpress\/ -->\n<title>NaturClima<\/title>\n<meta name=\"description\" content=\"Naturclima est un projet Coop\u00e9ration transfrontali\u00e8re sur la gestion et la gouvernance participative d\u2019Espaces Naturels, pour \u00e9tudier caract\u00e9ristiques et capacit\u00e9s d\u2019Adaptation au Changement Climatique.\" \/>\n<meta name=\"robots\" content=\"index, follow, max-snippet:-1, max-image-preview:large, max-video-preview:-1\" \/>\n<link rel=\"canonical\" href=\"https:\/\/naturclima-poctefa.eu\/fr\/\" \/>\n<meta property=\"og:locale\" content=\"fr_FR\" \/>\n<meta property=\"og:type\" content=\"article\" \/>\n<meta property=\"og:title\" content=\"S\u00e9minaire final NaturClima\" \/>\n<meta property=\"og:description\" content=\"17 mai 2022. En pr\u00e9sentiel et en ligne\" \/>\n<meta property=\"og:url\" content=\"https:\/\/naturclima-poctefa.eu\/fr\/\" \/>\n<meta property=\"og:site_name\" content=\"NaturClima\" \/>\n<meta property=\"article:publisher\" content=\"https:\/\/www.facebook.com\/naturclimapoctefa\" \/>\n<meta property=\"article:modified_time\" content=\"2023-11-08T12:27:45+00:00\" \/>\n<meta property=\"og:image\" content=\"https:\/\/naturclima-poctefa.eu\/wp-content\/uploads\/2022\/05\/NaturClima-Seminario-Final-3.jpg\" \/>\n<meta name=\"twitter:card\" content=\"summary_large_image\" \/>\n<meta name=\"twitter:title\" content=\"S\u00e9minaire final NaturClima\" \/>\n<meta name=\"twitter:description\" content=\"17 mai 2022. En pr\u00e9sentiel et en ligne\" \/>\n<meta name=\"twitter:image\" content=\"https:\/\/naturclima-poctefa.eu\/wp-content\/uploads\/2022\/05\/NaturClima-Seminario-Final-3.jpg\" \/>\n<meta name=\"twitter:label1\" content=\"Dur\u00e9e de lecture estim\u00e9e\" \/>\n\t<meta name=\"twitter:data1\" content=\"8 minutes\" \/>\n<script type=\"application\/ld+json\" class=\"yoast-schema-graph\">{\"@context\":\"https:\/\/schema.org\",\"@graph\":[{\"@type\":\"WebPage\",\"@id\":\"https:\/\/naturclima-poctefa.eu\/fr\/\",\"url\":\"https:\/\/naturclima-poctefa.eu\/fr\/\",\"name\":\"NaturClima\",\"isPartOf\":{\"@id\":\"https:\/\/naturclima-poctefa.eu\/fr\/#website\"},\"primaryImageOfPage\":{\"@id\":\"https:\/\/naturclima-poctefa.eu\/fr\/#primaryimage\"},\"image\":{\"@id\":\"https:\/\/naturclima-poctefa.eu\/fr\/#primaryimage\"},\"thumbnailUrl\":\"https:\/\/naturclima-poctefa.eu\/wp-content\/uploads\/2021\/03\/Interreg-POCTEFA-NaturClima-RGB.png\",\"datePublished\":\"2021-04-22T08:48:02+00:00\",\"dateModified\":\"2023-11-08T12:27:45+00:00\",\"description\":\"Naturclima est un projet Coop\u00e9ration transfrontali\u00e8re sur la gestion et la gouvernance participative d\u2019Espaces Naturels, pour \u00e9tudier caract\u00e9ristiques et capacit\u00e9s d\u2019Adaptation au Changement Climatique.\",\"inLanguage\":\"fr-FR\",\"potentialAction\":[{\"@type\":\"ReadAction\",\"target\":[\"https:\/\/naturclima-poctefa.eu\/fr\/\"]}]},{\"@type\":\"ImageObject\",\"inLanguage\":\"fr-FR\",\"@id\":\"https:\/\/naturclima-poctefa.eu\/fr\/#primaryimage\",\"url\":\"https:\/\/naturclima-poctefa.eu\/wp-content\/uploads\/2021\/03\/Interreg-POCTEFA-NaturClima-RGB.png\",\"contentUrl\":\"https:\/\/naturclima-poctefa.eu\/wp-content\/uploads\/2021\/03\/Interreg-POCTEFA-NaturClima-RGB.png\",\"width\":1843,\"height\":828,\"caption\":\"Logotipo Naturclima\"},{\"@type\":\"WebSite\",\"@id\":\"https:\/\/naturclima-poctefa.eu\/fr\/#website\",\"url\":\"https:\/\/naturclima-poctefa.eu\/fr\/\",\"name\":\"NaturClima\",\"description\":\"Cooperaci\u00f3n transfronteriza en la gesti\u00f3n y gobernanzaparticipativa de Espacios Naturales\",\"publisher\":{\"@id\":\"https:\/\/naturclima-poctefa.eu\/fr\/#organization\"},\"potentialAction\":[{\"@type\":\"SearchAction\",\"target\":{\"@type\":\"EntryPoint\",\"urlTemplate\":\"https:\/\/naturclima-poctefa.eu\/fr\/?s={search_term_string}\"},\"query-input\":{\"@type\":\"PropertyValueSpecification\",\"valueRequired\":true,\"valueName\":\"search_term_string\"}}],\"inLanguage\":\"fr-FR\"},{\"@type\":\"Organization\",\"@id\":\"https:\/\/naturclima-poctefa.eu\/fr\/#organization\",\"name\":\"NaturClima. Interreg-POCTEFA\",\"url\":\"https:\/\/naturclima-poctefa.eu\/fr\/\",\"logo\":{\"@type\":\"ImageObject\",\"inLanguage\":\"fr-FR\",\"@id\":\"https:\/\/naturclima-poctefa.eu\/fr\/#\/schema\/logo\/image\/\",\"url\":\"https:\/\/naturclima-poctefa.eu\/wp-content\/uploads\/2021\/03\/Interreg-POCTEFA-NaturClima-RGB.png\",\"contentUrl\":\"https:\/\/naturclima-poctefa.eu\/wp-content\/uploads\/2021\/03\/Interreg-POCTEFA-NaturClima-RGB.png\",\"width\":1843,\"height\":828,\"caption\":\"NaturClima. Interreg-POCTEFA\"},\"image\":{\"@id\":\"https:\/\/naturclima-poctefa.eu\/fr\/#\/schema\/logo\/image\/\"},\"sameAs\":[\"https:\/\/www.facebook.com\/naturclimapoctefa\",\"https:\/\/www.instagram.com\/naturclimapoctefa\/\"]}]}<\/script>\n<!-- \/ Yoast SEO plugin. -->","yoast_head_json":{"title":"NaturClima","description":"Naturclima est un projet Coop\u00e9ration transfrontali\u00e8re sur la gestion et la gouvernance participative d\u2019Espaces Naturels, pour \u00e9tudier caract\u00e9ristiques et capacit\u00e9s d\u2019Adaptation au Changement Climatique.","robots":{"index":"index","follow":"follow","max-snippet":"max-snippet:-1","max-image-preview":"max-image-preview:large","max-video-preview":"max-video-preview:-1"},"canonical":"https:\/\/naturclima-poctefa.eu\/fr\/","og_locale":"fr_FR","og_type":"article","og_title":"S\u00e9minaire final NaturClima","og_description":"17 mai 2022. En pr\u00e9sentiel et en ligne","og_url":"https:\/\/naturclima-poctefa.eu\/fr\/","og_site_name":"NaturClima","article_publisher":"https:\/\/www.facebook.com\/naturclimapoctefa","article_modified_time":"2023-11-08T12:27:45+00:00","og_image":[{"url":"https:\/\/naturclima-poctefa.eu\/wp-content\/uploads\/2022\/05\/NaturClima-Seminario-Final-3.jpg","type":"","width":"","height":""}],"twitter_card":"summary_large_image","twitter_title":"S\u00e9minaire final NaturClima","twitter_description":"17 mai 2022. En pr\u00e9sentiel et en ligne","twitter_image":"https:\/\/naturclima-poctefa.eu\/wp-content\/uploads\/2022\/05\/NaturClima-Seminario-Final-3.jpg","twitter_misc":{"Dur\u00e9e de lecture estim\u00e9e":"8 minutes"},"schema":{"@context":"https:\/\/schema.org","@graph":[{"@type":"WebPage","@id":"https:\/\/naturclima-poctefa.eu\/fr\/","url":"https:\/\/naturclima-poctefa.eu\/fr\/","name":"NaturClima","isPartOf":{"@id":"https:\/\/naturclima-poctefa.eu\/fr\/#website"},"primaryImageOfPage":{"@id":"https:\/\/naturclima-poctefa.eu\/fr\/#primaryimage"},"image":{"@id":"https:\/\/naturclima-poctefa.eu\/fr\/#primaryimage"},"thumbnailUrl":"https:\/\/naturclima-poctefa.eu\/wp-content\/uploads\/2021\/03\/Interreg-POCTEFA-NaturClima-RGB.png","datePublished":"2021-04-22T08:48:02+00:00","dateModified":"2023-11-08T12:27:45+00:00","description":"Naturclima est un projet Coop\u00e9ration transfrontali\u00e8re sur la gestion et la gouvernance participative d\u2019Espaces Naturels, pour \u00e9tudier caract\u00e9ristiques et capacit\u00e9s d\u2019Adaptation au Changement Climatique.","inLanguage":"fr-FR","potentialAction":[{"@type":"ReadAction","target":["https:\/\/naturclima-poctefa.eu\/fr\/"]}]},{"@type":"ImageObject","inLanguage":"fr-FR","@id":"https:\/\/naturclima-poctefa.eu\/fr\/#primaryimage","url":"https:\/\/naturclima-poctefa.eu\/wp-content\/uploads\/2021\/03\/Interreg-POCTEFA-NaturClima-RGB.png","contentUrl":"https:\/\/naturclima-poctefa.eu\/wp-content\/uploads\/2021\/03\/Interreg-POCTEFA-NaturClima-RGB.png","width":1843,"height":828,"caption":"Logotipo Naturclima"},{"@type":"WebSite","@id":"https:\/\/naturclima-poctefa.eu\/fr\/#website","url":"https:\/\/naturclima-poctefa.eu\/fr\/","name":"NaturClima","description":"Cooperaci\u00f3n transfronteriza en la gesti\u00f3n y gobernanzaparticipativa de Espacios Naturales","publisher":{"@id":"https:\/\/naturclima-poctefa.eu\/fr\/#organization"},"potentialAction":[{"@type":"SearchAction","target":{"@type":"EntryPoint","urlTemplate":"https:\/\/naturclima-poctefa.eu\/fr\/?s={search_term_string}"},"query-input":{"@type":"PropertyValueSpecification","valueRequired":true,"valueName":"search_term_string"}}],"inLanguage":"fr-FR"},{"@type":"Organization","@id":"https:\/\/naturclima-poctefa.eu\/fr\/#organization","name":"NaturClima. Interreg-POCTEFA","url":"https:\/\/naturclima-poctefa.eu\/fr\/","logo":{"@type":"ImageObject","inLanguage":"fr-FR","@id":"https:\/\/naturclima-poctefa.eu\/fr\/#\/schema\/logo\/image\/","url":"https:\/\/naturclima-poctefa.eu\/wp-content\/uploads\/2021\/03\/Interreg-POCTEFA-NaturClima-RGB.png","contentUrl":"https:\/\/naturclima-poctefa.eu\/wp-content\/uploads\/2021\/03\/Interreg-POCTEFA-NaturClima-RGB.png","width":1843,"height":828,"caption":"NaturClima. Interreg-POCTEFA"},"image":{"@id":"https:\/\/naturclima-poctefa.eu\/fr\/#\/schema\/logo\/image\/"},"sameAs":["https:\/\/www.facebook.com\/naturclimapoctefa","https:\/\/www.instagram.com\/naturclimapoctefa\/"]}]}},"_links":{"self":[{"href":"https:\/\/naturclima-poctefa.eu\/fr\/wp-json\/wp\/v2\/pages\/671","targetHints":{"allow":["GET"]}}],"collection":[{"href":"https:\/\/naturclima-poctefa.eu\/fr\/wp-json\/wp\/v2\/pages"}],"about":[{"href":"https:\/\/naturclima-poctefa.eu\/fr\/wp-json\/wp\/v2\/types\/page"}],"author":[{"embeddable":true,"href":"https:\/\/naturclima-poctefa.eu\/fr\/wp-json\/wp\/v2\/users\/1"}],"replies":[{"embeddable":true,"href":"https:\/\/naturclima-poctefa.eu\/fr\/wp-json\/wp\/v2\/comments?post=671"}],"version-history":[{"count":51,"href":"https:\/\/naturclima-poctefa.eu\/fr\/wp-json\/wp\/v2\/pages\/671\/revisions"}],"predecessor-version":[{"id":6251,"href":"https:\/\/naturclima-poctefa.eu\/fr\/wp-json\/wp\/v2\/pages\/671\/revisions\/6251"}],"wp:featuredmedia":[{"embeddable":true,"href":"https:\/\/naturclima-poctefa.eu\/fr\/wp-json\/wp\/v2\/media\/211"}],"wp:attachment":[{"href":"https:\/\/naturclima-poctefa.eu\/fr\/wp-json\/wp\/v2\/media?parent=671"}],"curies":[{"name":"wp","href":"https:\/\/api.w.org\/{rel}","templated":true}]}}