{"id":659,"date":"2021-04-21T11:39:07","date_gmt":"2021-04-21T11:39:07","guid":{"rendered":"https:\/\/naturclima-poctefa.eu\/espaces-naturels\/"},"modified":"2021-04-22T09:48:47","modified_gmt":"2021-04-22T09:48:47","slug":"espaces-naturels","status":"publish","type":"page","link":"https:\/\/naturclima-poctefa.eu\/fr\/espaces-naturels\/","title":{"rendered":"Espaces naturels"},"content":{"rendered":"<p>[et_pb_section fb_built=\u00a0\u00bb1&Prime; _builder_version=\u00a0\u00bb4.9.2&Prime; _module_preset=\u00a0\u00bbdefault\u00a0\u00bb custom_margin_tablet=\u00a0\u00bb-20px||||false|false\u00a0\u00bb custom_margin_phone=\u00a0\u00bb||||false|false\u00a0\u00bb custom_margin_last_edited=\u00a0\u00bbon|phone\u00a0\u00bb custom_padding=\u00a0\u00bb0px||||false|false\u00a0\u00bb top_divider_style_tablet=\u00a0\u00bb\u00a0\u00bb top_divider_style_phone=\u00a0\u00bb\u00a0\u00bb top_divider_style_last_edited=\u00a0\u00bbon|tablet\u00a0\u00bb][et_pb_row column_structure=\u00a0\u00bb3_4,1_4&Prime; _builder_version=\u00a0\u00bb4.9.2&Prime; _module_preset=\u00a0\u00bbdefault\u00a0\u00bb custom_padding=\u00a0\u00bb||||false|false\u00a0\u00bb][et_pb_column type=\u00a0\u00bb3_4&Prime; _builder_version=\u00a0\u00bb4.9.2&Prime; _module_preset=\u00a0\u00bbdefault\u00a0\u00bb][et_pb_post_title meta=\u00a0\u00bboff\u00a0\u00bb featured_image=\u00a0\u00bboff\u00a0\u00bb _builder_version=\u00a0\u00bb4.9.2&Prime; _module_preset=\u00a0\u00bbdefault\u00a0\u00bb][\/et_pb_post_title][et_pb_text _builder_version=\u00a0\u00bb4.9.4&Prime; _module_preset=\u00a0\u00bbdefault\u00a0\u00bb]<\/p>\n<p>Les trois r\u00e9gions du projet NaturClima (Navarre, Pyr\u00e9n\u00e9es Atlantiques et Hautes-Pyr\u00e9n\u00e9es) poss\u00e8dent un riche patrimoine naturel et culturel qui comprend de nombreux Espaces Naturels<\/p>\n<p><img decoding=\"async\" src=\"https:\/\/naturclima-poctefa.eu\/wp-content\/uploads\/2021\/03\/Parque-Natural-de-Bertiz.jpg\" width=\"1200\" height=\"801\" alt=\"Parc naturel du domaine de B\u00e9rtiz\" class=\"wp-image-301 alignnone size-full\" srcset=\"https:\/\/naturclima-poctefa.eu\/wp-content\/uploads\/2021\/03\/Parque-Natural-de-Bertiz.jpg 1200w, https:\/\/naturclima-poctefa.eu\/wp-content\/uploads\/2021\/03\/Parque-Natural-de-Bertiz-980x654.jpg 980w, https:\/\/naturclima-poctefa.eu\/wp-content\/uploads\/2021\/03\/Parque-Natural-de-Bertiz-480x320.jpg 480w\" sizes=\"(min-width: 0px) and (max-width: 480px) 480px, (min-width: 481px) and (max-width: 980px) 980px, (min-width: 981px) 1200px, 100vw\" \/><\/p>\n<h2><span style=\"font-size: xx-large;\"><strong>PARC NATUREL DU DOMAINE DE B\u00c9RTIZ<\/strong><\/span><\/h2>\n<p>Propri\u00e9t\u00e9 du Gouvernement de Navarre, le parc naturel du Domaine de B\u00e9rtiz occupe 2040 hectares au nord de la commune de B\u00e9rtizarana. La majeure partie du parc, de 1869 ha, est recouverte de for\u00eat, \u00e0 la v\u00e9g\u00e9tation caract\u00e9ristique de la Navarre atlantique. En effet, ils\u2019agit d\u2019une grande for\u00eat caducifoli\u00e9e qui conserve un important car\u00e1ctere naturel.<br \/>Tout en haut de la for\u00eat se dresse le palais Aizkolegi, construit par Pedro Ciga (dernier seigneur de B\u00e9rtiz). V\u00e9ritable bel v\u00e9d\u00e8re, il surplombe le parc et les vall\u00e9es contigu\u00ebs. D\u2019autre fermes basques sont diss\u00e9min\u00e9es dans les clairi\u00e8res de la for\u00eat. Aux alentours, on d\u00e9couvre de petits potagers, des arbres fruitiers et des pr\u00e9s o\u00f9 pa\u00eet le b\u00e9tail, autant d\u2019exemples d\u2019une agricultura traditionnelle autarcique.<br \/>\u00c0 l\u2019entr\u00e9e du parc se trouve un magnifique jard\u00edn, cr\u00e9\u00e9 au d\u00e9but du si\u00e8cle dernier. Pedro Ciga a rassembl\u00e9 dans cet espace diverses essences \u2014 exotiquez sous ces latitudes \u2014 qui, gr\u00e2ce \u00e0 la douceur du climat de B\u00e9rtiz, n\u2019ont pas eu de mal \u00e0 s\u2019adapter. Pr\u00e8s du jardin, diff\u00e9rents b\u00e2timents constituent autant d\u2019espaces p\u00e9dagogiques, de r\u00e9ception et d\u2019information.<\/p>\n<p><img decoding=\"async\" src=\"https:\/\/naturclima-poctefa.eu\/wp-content\/uploads\/2021\/03\/Rio-Urederra.jpg\" width=\"1200\" height=\"800\" alt=\"Rivi\u00e8re Urederra\" class=\"wp-image-307 alignnone size-full\" srcset=\"https:\/\/naturclima-poctefa.eu\/wp-content\/uploads\/2021\/03\/Rio-Urederra.jpg 1200w, https:\/\/naturclima-poctefa.eu\/wp-content\/uploads\/2021\/03\/Rio-Urederra-980x653.jpg 980w, https:\/\/naturclima-poctefa.eu\/wp-content\/uploads\/2021\/03\/Rio-Urederra-480x320.jpg 480w\" sizes=\"(min-width: 0px) and (max-width: 480px) 480px, (min-width: 481px) and (max-width: 980px) 980px, (min-width: 981px) 1200px, 100vw\" \/><\/p>\n<h2><span style=\"font-size: xx-large;\"><strong>PARC NATUREL D&rsquo;URBASA-ANDIA<\/strong><\/span><\/h2>\n<p>Les Sierras d\u2019Urbasa et d\u2019Andia, \u00e0 l\u2019ouest de la Navarre, constituent une fronti\u00e8re climatique o\u00f9 viennent buter les masses humides en provenance du golfe de Gascogne. Les sierras sont en r\u00e9alit\u00e9 deux grands plateaux aux bords abrupts, que l\u2019onarrive par le nord (escarpemen trocheux dominant le couloir d\u2019Arakil et sommet du San Donato) ou par le sud (cirque des sources de l\u2019Urederra).<br \/>Malgr\u00e9 une forte pluviosit\u00e9 et d\u2019abondantes chutes de neige, le terrain, karstique, n\u2019offre que quelques rares points d\u2019eau en raison de la pr\u00e9sence d\u2019un syst\u00e8me de failles et de gouffres qui forment un r\u00e9seau aquif\u00e8re souterrain. Ces caract\u00e9ristiques du terrain, alli\u00e9es au relief et au climat, d\u00e9terminent les trois types de v\u00e9g\u00e9tations d\u2019Urbasa et d\u2019Andia : la for\u00eat, les landes et prairies naturelles et la v\u00e9g\u00e9tation associ\u00e9e aux roches.<br \/>Pendant des si\u00e8cles, les Sierras d\u2019Urbasa et d\u2019Andia ont \u00e9t\u00e9 rationnellement utilis\u00e9es pour y exploiter le bois, le charbon de bois, le gibier et les p\u00e2tures. Aujourd\u2019hui, leur statut de parc natural aide \u00e0 maintenir ces usages traditionnels tout en pr\u00e9servant la singularit\u00e9 de leur paysage et la biodiversit\u00e9 naturelle dont elles b\u00e9n\u00e9ficient.<\/p>\n<p><img decoding=\"async\" src=\"https:\/\/naturclima-poctefa.eu\/wp-content\/uploads\/2021\/03\/Vignemale-3299-m.jpg\" width=\"1200\" height=\"900\" alt=\"Vignemale (3299m)\" class=\"wp-image-312 alignnone size-full\" srcset=\"https:\/\/naturclima-poctefa.eu\/wp-content\/uploads\/2021\/03\/Vignemale-3299-m.jpg 1200w, https:\/\/naturclima-poctefa.eu\/wp-content\/uploads\/2021\/03\/Vignemale-3299-m-980x735.jpg 980w, https:\/\/naturclima-poctefa.eu\/wp-content\/uploads\/2021\/03\/Vignemale-3299-m-480x360.jpg 480w\" sizes=\"(min-width: 0px) and (max-width: 480px) 480px, (min-width: 481px) and (max-width: 980px) 980px, (min-width: 981px) 1200px, 100vw\" \/><\/p>\n<h2><span style=\"font-size: xx-large;\"><strong>PARC NATIONAL DES PYR\u00c9N\u00c9ES<\/strong><\/span><\/h2>\n<p>Le Parc National des Pyr\u00e9n\u00e9es est le troisi\u00e8me parc national fran\u00e7ais \u00e0 avoir vu le jour par d\u00e9cret du 23 mars 1967. Carrefour d&rsquo;influences climatiques entre Atlantique et M\u00e9diterran\u00e9e, le Parc national des Pyr\u00e9n\u00e9eses triche d&rsquo;une diversit\u00e9 de sites naturels, culturels et paysagers et abrite une flore et une faune vari\u00e9es, aux nombreuses esp\u00e8ces end\u00e9miques et embl\u00e9matiques.<br \/>Le Parc s\u2019\u00e9tire sur cent kilom\u00e8tres, sur six vall\u00e9es, deux d\u00e9partements (Pyr\u00e9n\u00e9es-Atlantiques et Hautes-Pyr\u00e9n\u00e9es) et deux r\u00e9gions (Nouvelle Aquitaine et Occitanie), du Gave d\u2019Aspe \u00e0 la Neste d\u2019Aure, le long de la cr\u00eate fronti\u00e8re qui l\u2019unit \u00e0 l\u2019Espagne. Son territoire s\u2019\u00e9tend sur 45 707 hectares pour la zone c\u0153ur,128 400 hectares pour l\u2019aire d\u2019adh\u00e9sion et 206 352 hectares pour l\u2019aire optimale d\u2019adh\u00e9sion<br \/>Le coeur du Parc national s&rsquo;\u00e9tend sur des territoires d&rsquo;altitude ne descendant jamais en dessous de 1 067 m\u00e8tres et culminant \u00e0 3 298 m\u00e8tres d\u2019altitude \u00e0 la Pique Longue du Vignemale. Il abrite des paysages extr\u00eamement vari\u00e9s ;immense massif calcaire de Gavarnie ou montagne granitique de Cauterets, \u00e9l\u00e9gante silhouette d\u2019origine volcanique du pic du Midi d\u2019Ossau ou vallons secrets bois\u00e9s de la vall\u00e9e d\u2019Aspe.<\/p>\n<p><img decoding=\"async\" src=\"https:\/\/naturclima-poctefa.eu\/wp-content\/uploads\/2021\/03\/hendaya.jpg\" width=\"1200\" height=\"900\" alt=\"Plage de Hendaye\" class=\"wp-image-315 alignnone size-full\" srcset=\"https:\/\/naturclima-poctefa.eu\/wp-content\/uploads\/2021\/03\/hendaya.jpg 1200w, https:\/\/naturclima-poctefa.eu\/wp-content\/uploads\/2021\/03\/hendaya-980x735.jpg 980w, https:\/\/naturclima-poctefa.eu\/wp-content\/uploads\/2021\/03\/hendaya-480x360.jpg 480w\" sizes=\"(min-width: 0px) and (max-width: 480px) 480px, (min-width: 481px) and (max-width: 980px) 980px, (min-width: 981px) 1200px, 100vw\" \/><\/p>\n<h2><span style=\"font-size: xx-large;\"><strong>COTE DES PYRENEES-ATLANTIQUES<\/strong><\/span><\/h2>\n<p>La c\u00f4te des Pyr\u00e9n\u00e9es-Atlantiques, correspond \u00e0 la c\u00f4te du Pays Basque fran\u00e7ais. Elle est longue de 35 km et pr\u00e9sente un int\u00e9r\u00eat fort pour ses paysages, sa richesse g\u00e9ologique et sa biodiversit\u00e9. Depuis l\u2019embouchure de l\u2019Adour jusqu\u2019\u00e0 la fronti\u00e8re espagnole, plages de sable, dunes, baies, estuaires, falaises de flysch, landes sauvages et pelouses a\u00e9rohalines forment un ensemble de milieux \u00e9cologiquement riches. Quatre fleuves d\u2019importance d\u00e9bouchent sur la c\u00f4te basque : l\u2019Adour, la Bidassoa, la Nivelle et l\u2019Uhabia.<br \/>En plus de b\u00e9n\u00e9ficier d\u2019un paysage c\u00f4tier extr\u00eamement vari\u00e9, les habitats marins sont \u00e9galement riches en diversit\u00e9 avec des grottes sous-marines, des herbiers \u00e0 zost\u00e8res, des massifs d\u2019Hermelles, etc. En particulier, le gouf de Capbreton, un canyon sous-marin unique en Europe abrite des esp\u00e8ces marines d\u2019int\u00e9r\u00eat patrimoniale.<br \/>Plusieurs espaces marins naturels des Pyr\u00e9n\u00e9es-Atlantiques disposent d\u2019un statut de protection Natura 2000 europ\u00e9en aux titres des Directives \u00ab\u00a0Habitats-Faune-Flore\u00a0\u00bb et \u00ab\u00a0Oiseaux\u00a0\u00bb. Ces sites couvrent une grande partie du littoral des Pyr\u00e9n\u00e9es-Atlantiques avec une surface totale approximative de 10 000 ha. Ils se trouvent dans les eaux territoriales fran\u00e7aises sur des fonds marins allant jusqu\u2019\u00e0 50 m de profondeur. Les sites littoraux, pour leur partie terrestre, concernent les huit communes du littoral basque d\u2019Anglet \u00e0 Hendaye.<\/p>\n<p>[\/et_pb_text][\/et_pb_column][et_pb_column type=\u00a0\u00bb1_4&Prime; _builder_version=\u00a0\u00bb4.9.2&Prime; _module_preset=\u00a0\u00bbdefault\u00a0\u00bb][et_pb_divider divider_style=\u00a0\u00bbdashed\u00a0\u00bb divider_weight=\u00a0\u00bb0px\u00a0\u00bb _builder_version=\u00a0\u00bb4.9.2&Prime; _module_preset=\u00a0\u00bbdefault\u00a0\u00bb background_color=\u00a0\u00bb#6d7e00&Prime; width=\u00a0\u00bb100%\u00a0\u00bb max_width=\u00a0\u00bb100%\u00a0\u00bb border_radii=\u00a0\u00bboff|20px|20px||\u00a0\u00bb saved_tabs=\u00a0\u00bball\u00a0\u00bb height__hover_enabled=\u00a0\u00bbon|desktop\u00a0\u00bb][\/et_pb_divider][et_pb_text _builder_version=\u00a0\u00bb4.9.4&Prime; _module_preset=\u00a0\u00bbdefault\u00a0\u00bb hover_enabled=\u00a0\u00bb0&Prime; saved_tabs=\u00a0\u00bball\u00a0\u00bb sticky_enabled=\u00a0\u00bb0&Prime; header_2_font_size=\u00a0\u00bb20px\u00a0\u00bb]<\/p>\n<h2 style=\"text-align: center;\">ESPACES NATURELS<\/h2>\n<p>[\/et_pb_text][et_pb_image src=\u00a0\u00bbhttps:\/\/naturclima-poctefa.eu\/wp-content\/uploads\/2021\/03\/Espacios.png\u00a0\u00bb alt=\u00a0\u00bbEspaces naturels\u00a0\u00bb title_text=\u00a0\u00bbEspaces naturels\u00a0\u00bb url=\u00a0\u00bb@ET-DC@eyJkeW5hbWljIjp0cnVlLCJjb250ZW50IjoicG9zdF9saW5rX3VybF9wYWdlIiwic2V0dGluZ3MiOnsicG9zdF9pZCI6Ijc1In19@\u00a0\u00bb align=\u00a0\u00bbcenter\u00a0\u00bb _builder_version=\u00a0\u00bb4.9.2&Prime; _dynamic_attributes=\u00a0\u00bburl\u00a0\u00bb _module_preset=\u00a0\u00bbdefault\u00a0\u00bb width=\u00a0\u00bb80%\u00a0\u00bb][\/et_pb_image][et_pb_text _builder_version=\u00a0\u00bb4.9.4&Prime; _module_preset=\u00a0\u00bbdefault\u00a0\u00bb hover_enabled=\u00a0\u00bb0&Prime; saved_tabs=\u00a0\u00bball\u00a0\u00bb sticky_enabled=\u00a0\u00bb0&Prime; header_2_font_size=\u00a0\u00bb20px\u00a0\u00bb]<\/p>\n<h2 style=\"text-align: center;\">ACTIONS<\/h2>\n<p>[\/et_pb_text][et_pb_image src=\u00a0\u00bbhttps:\/\/naturclima-poctefa.eu\/wp-content\/uploads\/2021\/03\/Acciones.png\u00a0\u00bb alt=\u00a0\u00bbActions\u00a0\u00bb title_text=\u00a0\u00bbActions\u00a0\u00bb url=\u00a0\u00bb@ET-DC@eyJkeW5hbWljIjp0cnVlLCJjb250ZW50IjoicG9zdF9saW5rX3VybF9wYWdlIiwic2V0dGluZ3MiOnsicG9zdF9pZCI6Ijc3In19@\u00a0\u00bb align=\u00a0\u00bbcenter\u00a0\u00bb _builder_version=\u00a0\u00bb4.9.2&Prime; _dynamic_attributes=\u00a0\u00bburl\u00a0\u00bb _module_preset=\u00a0\u00bbdefault\u00a0\u00bb width=\u00a0\u00bb80%\u00a0\u00bb saved_tabs=\u00a0\u00bball\u00a0\u00bb][\/et_pb_image][et_pb_text _builder_version=\u00a0\u00bb4.9.4&Prime; _module_preset=\u00a0\u00bbdefault\u00a0\u00bb hover_enabled=\u00a0\u00bb0&Prime; saved_tabs=\u00a0\u00bball\u00a0\u00bb sticky_enabled=\u00a0\u00bb0&Prime; header_2_font_size=\u00a0\u00bb20px\u00a0\u00bb]<\/p>\n<h2 style=\"text-align: center;\">\u00c9DUCATION ENVIRONNEMENTALE<\/h2>\n<p>[\/et_pb_text][et_pb_image src=\u00a0\u00bbhttps:\/\/naturclima-poctefa.eu\/wp-content\/uploads\/2021\/03\/Educacion-Ambiental.png\u00a0\u00bb alt=\u00a0\u00bb\u00c9ducation environnementale\u00a0\u00bb title_text=\u00a0\u00bb\u00c9ducation environnementale\u00a0\u00bb url=\u00a0\u00bb@ET-DC@eyJkeW5hbWljIjp0cnVlLCJjb250ZW50IjoicG9zdF9saW5rX3VybF9wYWdlIiwic2V0dGluZ3MiOnsicG9zdF9pZCI6Ijc5In19@\u00a0\u00bb align=\u00a0\u00bbcenter\u00a0\u00bb _builder_version=\u00a0\u00bb4.9.2&Prime; _dynamic_attributes=\u00a0\u00bburl\u00a0\u00bb _module_preset=\u00a0\u00bbdefault\u00a0\u00bb width=\u00a0\u00bb80%\u00a0\u00bb saved_tabs=\u00a0\u00bball\u00a0\u00bb][\/et_pb_image][et_pb_divider divider_style=\u00a0\u00bbdashed\u00a0\u00bb divider_weight=\u00a0\u00bb0px\u00a0\u00bb _builder_version=\u00a0\u00bb4.9.2&Prime; _module_preset=\u00a0\u00bbdefault\u00a0\u00bb background_color=\u00a0\u00bb#6d7e00&Prime; width=\u00a0\u00bb100%\u00a0\u00bb max_width=\u00a0\u00bb100%\u00a0\u00bb border_radii=\u00a0\u00bboff|||20px|20px\u00a0\u00bb saved_tabs=\u00a0\u00bball\u00a0\u00bb height__hover_enabled=\u00a0\u00bbon|desktop\u00a0\u00bb][\/et_pb_divider][\/et_pb_column][\/et_pb_row][\/et_pb_section]<\/p>\n","protected":false},"excerpt":{"rendered":"<p>Les trois r\u00e9gions du projet NaturClima (Navarre, Pyr\u00e9n\u00e9es Atlantiques et Hautes-Pyr\u00e9n\u00e9es) poss\u00e8dent un riche patrimoine naturel et culturel qui comprend de nombreux Espaces Naturels PARC NATUREL DU DOMAINE DE B\u00c9RTIZ Propri\u00e9t\u00e9 du Gouvernement de Navarre, le parc naturel du Domaine de B\u00e9rtiz occupe 2040 hectares au nord de la commune de B\u00e9rtizarana. La majeure partie du parc, de 1869 ha, est recouverte de for\u00eat, \u00e0 la v\u00e9g\u00e9tation caract\u00e9ristique de la Navarre atlantique. En effet, ils\u2019agit d\u2019une grande for\u00eat caducifoli\u00e9e qui conserve un important car\u00e1ctere naturel.Tout en haut de la for\u00eat se dresse le palais Aizkolegi, construit par Pedro Ciga (dernier seigneur de B\u00e9rtiz). V\u00e9ritable bel v\u00e9d\u00e8re, il surplombe le parc et les vall\u00e9es contigu\u00ebs. D\u2019autre fermes basques sont diss\u00e9min\u00e9es dans les clairi\u00e8res de la for\u00eat. Aux alentours, on d\u00e9couvre de petits potagers, des arbres fruitiers et des pr\u00e9s o\u00f9 pa\u00eet le b\u00e9tail, autant d\u2019exemples d\u2019une agricultura traditionnelle autarcique.\u00c0 l\u2019entr\u00e9e du parc se trouve un magnifique jard\u00edn, cr\u00e9\u00e9 au d\u00e9but du si\u00e8cle dernier. Pedro Ciga a rassembl\u00e9 dans cet espace diverses essences \u2014 exotiquez sous ces latitudes \u2014 qui, gr\u00e2ce \u00e0 la douceur du climat de B\u00e9rtiz, n\u2019ont pas eu de mal \u00e0 s\u2019adapter. Pr\u00e8s du jardin, diff\u00e9rents b\u00e2timents constituent autant [&hellip;]<\/p>\n","protected":false},"author":1,"featured_media":0,"parent":0,"menu_order":0,"comment_status":"closed","ping_status":"closed","template":"","meta":{"_et_pb_use_builder":"on","_et_pb_old_content":"","_et_gb_content_width":"","footnotes":""},"class_list":["post-659","page","type-page","status-publish","hentry"],"yoast_head":"<!-- This site is optimized with the Yoast SEO plugin v26.9 - https:\/\/yoast.com\/product\/yoast-seo-wordpress\/ -->\n<title>Espaces naturels &#8226; NaturClima<\/title>\n<meta name=\"description\" content=\"Les trois r\u00e9gions du projet NaturClima (Navarre, Pyr\u00e9n\u00e9es Atlantiques et Hautes-Pyr\u00e9n\u00e9es) poss\u00e8dent un riche patrimoine naturel et culturel qui comprend de nombreux Espaces Naturels\" \/>\n<meta name=\"robots\" content=\"index, follow, max-snippet:-1, max-image-preview:large, max-video-preview:-1\" \/>\n<link rel=\"canonical\" href=\"https:\/\/naturclima-poctefa.eu\/fr\/espaces-naturels\/\" \/>\n<meta property=\"og:locale\" content=\"fr_FR\" \/>\n<meta property=\"og:type\" content=\"article\" \/>\n<meta property=\"og:title\" content=\"Espaces naturels &#8226; NaturClima\" \/>\n<meta property=\"og:description\" content=\"Les trois r\u00e9gions du projet NaturClima (Navarre, Pyr\u00e9n\u00e9es Atlantiques et Hautes-Pyr\u00e9n\u00e9es) poss\u00e8dent un riche patrimoine naturel et culturel qui comprend de nombreux Espaces Naturels\" \/>\n<meta property=\"og:url\" content=\"https:\/\/naturclima-poctefa.eu\/fr\/espaces-naturels\/\" \/>\n<meta property=\"og:site_name\" content=\"NaturClima\" \/>\n<meta property=\"article:publisher\" content=\"https:\/\/www.facebook.com\/naturclimapoctefa\" \/>\n<meta property=\"article:modified_time\" content=\"2021-04-22T09:48:47+00:00\" \/>\n<meta property=\"og:image\" content=\"https:\/\/naturclima-poctefa.eu\/wp-content\/uploads\/2021\/03\/Parque-Natural-de-Bertiz.jpg\" \/>\n<meta name=\"twitter:card\" content=\"summary_large_image\" \/>\n<meta name=\"twitter:label1\" content=\"Dur\u00e9e de lecture estim\u00e9e\" \/>\n\t<meta name=\"twitter:data1\" content=\"7 minutes\" \/>\n<script type=\"application\/ld+json\" class=\"yoast-schema-graph\">{\"@context\":\"https:\/\/schema.org\",\"@graph\":[{\"@type\":\"WebPage\",\"@id\":\"https:\/\/naturclima-poctefa.eu\/fr\/espaces-naturels\/\",\"url\":\"https:\/\/naturclima-poctefa.eu\/fr\/espaces-naturels\/\",\"name\":\"Espaces naturels &#8226; NaturClima\",\"isPartOf\":{\"@id\":\"https:\/\/naturclima-poctefa.eu\/fr\/#website\"},\"primaryImageOfPage\":{\"@id\":\"https:\/\/naturclima-poctefa.eu\/fr\/espaces-naturels\/#primaryimage\"},\"image\":{\"@id\":\"https:\/\/naturclima-poctefa.eu\/fr\/espaces-naturels\/#primaryimage\"},\"thumbnailUrl\":\"https:\/\/naturclima-poctefa.eu\/wp-content\/uploads\/2021\/03\/Parque-Natural-de-Bertiz.jpg\",\"datePublished\":\"2021-04-21T11:39:07+00:00\",\"dateModified\":\"2021-04-22T09:48:47+00:00\",\"description\":\"Les trois r\u00e9gions du projet NaturClima (Navarre, Pyr\u00e9n\u00e9es Atlantiques et Hautes-Pyr\u00e9n\u00e9es) poss\u00e8dent un riche patrimoine naturel et culturel qui comprend de nombreux Espaces Naturels\",\"inLanguage\":\"fr-FR\",\"potentialAction\":[{\"@type\":\"ReadAction\",\"target\":[\"https:\/\/naturclima-poctefa.eu\/fr\/espaces-naturels\/\"]}]},{\"@type\":\"ImageObject\",\"inLanguage\":\"fr-FR\",\"@id\":\"https:\/\/naturclima-poctefa.eu\/fr\/espaces-naturels\/#primaryimage\",\"url\":\"https:\/\/naturclima-poctefa.eu\/wp-content\/uploads\/2021\/03\/Parque-Natural-de-Bertiz.jpg\",\"contentUrl\":\"https:\/\/naturclima-poctefa.eu\/wp-content\/uploads\/2021\/03\/Parque-Natural-de-Bertiz.jpg\"},{\"@type\":\"WebSite\",\"@id\":\"https:\/\/naturclima-poctefa.eu\/fr\/#website\",\"url\":\"https:\/\/naturclima-poctefa.eu\/fr\/\",\"name\":\"NaturClima\",\"description\":\"Cooperaci\u00f3n transfronteriza en la gesti\u00f3n y gobernanzaparticipativa de Espacios Naturales\",\"publisher\":{\"@id\":\"https:\/\/naturclima-poctefa.eu\/fr\/#organization\"},\"potentialAction\":[{\"@type\":\"SearchAction\",\"target\":{\"@type\":\"EntryPoint\",\"urlTemplate\":\"https:\/\/naturclima-poctefa.eu\/fr\/?s={search_term_string}\"},\"query-input\":{\"@type\":\"PropertyValueSpecification\",\"valueRequired\":true,\"valueName\":\"search_term_string\"}}],\"inLanguage\":\"fr-FR\"},{\"@type\":\"Organization\",\"@id\":\"https:\/\/naturclima-poctefa.eu\/fr\/#organization\",\"name\":\"NaturClima. Interreg-POCTEFA\",\"url\":\"https:\/\/naturclima-poctefa.eu\/fr\/\",\"logo\":{\"@type\":\"ImageObject\",\"inLanguage\":\"fr-FR\",\"@id\":\"https:\/\/naturclima-poctefa.eu\/fr\/#\/schema\/logo\/image\/\",\"url\":\"https:\/\/naturclima-poctefa.eu\/wp-content\/uploads\/2021\/03\/Interreg-POCTEFA-NaturClima-RGB.png\",\"contentUrl\":\"https:\/\/naturclima-poctefa.eu\/wp-content\/uploads\/2021\/03\/Interreg-POCTEFA-NaturClima-RGB.png\",\"width\":1843,\"height\":828,\"caption\":\"NaturClima. Interreg-POCTEFA\"},\"image\":{\"@id\":\"https:\/\/naturclima-poctefa.eu\/fr\/#\/schema\/logo\/image\/\"},\"sameAs\":[\"https:\/\/www.facebook.com\/naturclimapoctefa\",\"https:\/\/www.instagram.com\/naturclimapoctefa\/\"]}]}<\/script>\n<!-- \/ Yoast SEO plugin. -->","yoast_head_json":{"title":"Espaces naturels &#8226; NaturClima","description":"Les trois r\u00e9gions du projet NaturClima (Navarre, Pyr\u00e9n\u00e9es Atlantiques et Hautes-Pyr\u00e9n\u00e9es) poss\u00e8dent un riche patrimoine naturel et culturel qui comprend de nombreux Espaces Naturels","robots":{"index":"index","follow":"follow","max-snippet":"max-snippet:-1","max-image-preview":"max-image-preview:large","max-video-preview":"max-video-preview:-1"},"canonical":"https:\/\/naturclima-poctefa.eu\/fr\/espaces-naturels\/","og_locale":"fr_FR","og_type":"article","og_title":"Espaces naturels &#8226; NaturClima","og_description":"Les trois r\u00e9gions du projet NaturClima (Navarre, Pyr\u00e9n\u00e9es Atlantiques et Hautes-Pyr\u00e9n\u00e9es) poss\u00e8dent un riche patrimoine naturel et culturel qui comprend de nombreux Espaces Naturels","og_url":"https:\/\/naturclima-poctefa.eu\/fr\/espaces-naturels\/","og_site_name":"NaturClima","article_publisher":"https:\/\/www.facebook.com\/naturclimapoctefa","article_modified_time":"2021-04-22T09:48:47+00:00","og_image":[{"url":"https:\/\/naturclima-poctefa.eu\/wp-content\/uploads\/2021\/03\/Parque-Natural-de-Bertiz.jpg","type":"","width":"","height":""}],"twitter_card":"summary_large_image","twitter_misc":{"Dur\u00e9e de lecture estim\u00e9e":"7 minutes"},"schema":{"@context":"https:\/\/schema.org","@graph":[{"@type":"WebPage","@id":"https:\/\/naturclima-poctefa.eu\/fr\/espaces-naturels\/","url":"https:\/\/naturclima-poctefa.eu\/fr\/espaces-naturels\/","name":"Espaces naturels &#8226; NaturClima","isPartOf":{"@id":"https:\/\/naturclima-poctefa.eu\/fr\/#website"},"primaryImageOfPage":{"@id":"https:\/\/naturclima-poctefa.eu\/fr\/espaces-naturels\/#primaryimage"},"image":{"@id":"https:\/\/naturclima-poctefa.eu\/fr\/espaces-naturels\/#primaryimage"},"thumbnailUrl":"https:\/\/naturclima-poctefa.eu\/wp-content\/uploads\/2021\/03\/Parque-Natural-de-Bertiz.jpg","datePublished":"2021-04-21T11:39:07+00:00","dateModified":"2021-04-22T09:48:47+00:00","description":"Les trois r\u00e9gions du projet NaturClima (Navarre, Pyr\u00e9n\u00e9es Atlantiques et Hautes-Pyr\u00e9n\u00e9es) poss\u00e8dent un riche patrimoine naturel et culturel qui comprend de nombreux Espaces Naturels","inLanguage":"fr-FR","potentialAction":[{"@type":"ReadAction","target":["https:\/\/naturclima-poctefa.eu\/fr\/espaces-naturels\/"]}]},{"@type":"ImageObject","inLanguage":"fr-FR","@id":"https:\/\/naturclima-poctefa.eu\/fr\/espaces-naturels\/#primaryimage","url":"https:\/\/naturclima-poctefa.eu\/wp-content\/uploads\/2021\/03\/Parque-Natural-de-Bertiz.jpg","contentUrl":"https:\/\/naturclima-poctefa.eu\/wp-content\/uploads\/2021\/03\/Parque-Natural-de-Bertiz.jpg"},{"@type":"WebSite","@id":"https:\/\/naturclima-poctefa.eu\/fr\/#website","url":"https:\/\/naturclima-poctefa.eu\/fr\/","name":"NaturClima","description":"Cooperaci\u00f3n transfronteriza en la gesti\u00f3n y gobernanzaparticipativa de Espacios Naturales","publisher":{"@id":"https:\/\/naturclima-poctefa.eu\/fr\/#organization"},"potentialAction":[{"@type":"SearchAction","target":{"@type":"EntryPoint","urlTemplate":"https:\/\/naturclima-poctefa.eu\/fr\/?s={search_term_string}"},"query-input":{"@type":"PropertyValueSpecification","valueRequired":true,"valueName":"search_term_string"}}],"inLanguage":"fr-FR"},{"@type":"Organization","@id":"https:\/\/naturclima-poctefa.eu\/fr\/#organization","name":"NaturClima. Interreg-POCTEFA","url":"https:\/\/naturclima-poctefa.eu\/fr\/","logo":{"@type":"ImageObject","inLanguage":"fr-FR","@id":"https:\/\/naturclima-poctefa.eu\/fr\/#\/schema\/logo\/image\/","url":"https:\/\/naturclima-poctefa.eu\/wp-content\/uploads\/2021\/03\/Interreg-POCTEFA-NaturClima-RGB.png","contentUrl":"https:\/\/naturclima-poctefa.eu\/wp-content\/uploads\/2021\/03\/Interreg-POCTEFA-NaturClima-RGB.png","width":1843,"height":828,"caption":"NaturClima. Interreg-POCTEFA"},"image":{"@id":"https:\/\/naturclima-poctefa.eu\/fr\/#\/schema\/logo\/image\/"},"sameAs":["https:\/\/www.facebook.com\/naturclimapoctefa","https:\/\/www.instagram.com\/naturclimapoctefa\/"]}]}},"_links":{"self":[{"href":"https:\/\/naturclima-poctefa.eu\/fr\/wp-json\/wp\/v2\/pages\/659","targetHints":{"allow":["GET"]}}],"collection":[{"href":"https:\/\/naturclima-poctefa.eu\/fr\/wp-json\/wp\/v2\/pages"}],"about":[{"href":"https:\/\/naturclima-poctefa.eu\/fr\/wp-json\/wp\/v2\/types\/page"}],"author":[{"embeddable":true,"href":"https:\/\/naturclima-poctefa.eu\/fr\/wp-json\/wp\/v2\/users\/1"}],"replies":[{"embeddable":true,"href":"https:\/\/naturclima-poctefa.eu\/fr\/wp-json\/wp\/v2\/comments?post=659"}],"version-history":[{"count":5,"href":"https:\/\/naturclima-poctefa.eu\/fr\/wp-json\/wp\/v2\/pages\/659\/revisions"}],"predecessor-version":[{"id":743,"href":"https:\/\/naturclima-poctefa.eu\/fr\/wp-json\/wp\/v2\/pages\/659\/revisions\/743"}],"wp:attachment":[{"href":"https:\/\/naturclima-poctefa.eu\/fr\/wp-json\/wp\/v2\/media?parent=659"}],"curies":[{"name":"wp","href":"https:\/\/api.w.org\/{rel}","templated":true}]}}